{"id":225,"date":"2018-08-09T09:37:58","date_gmt":"2018-08-09T07:37:58","guid":{"rendered":"https:\/\/it-karriere.kbv.de\/?page_id=225"},"modified":"2023-03-23T13:59:06","modified_gmt":"2023-03-23T12:59:06","slug":"das-sind-wir","status":"publish","type":"page","link":"https:\/\/it-karriere.kbv.de\/","title":{"rendered":"IT-Karriere-kbv"},"content":{"rendered":"<p>[et_pb_section fb_built=&#8221;1&#8243; admin_label=&#8221;About Section&#8221; _builder_version=&#8221;4.16&#8243; background_color=&#8221;#ffffff&#8221; custom_margin=&#8221;||-77px|||&#8221; custom_padding=&#8221;9px||9px||true|&#8221; top_divider_color=&#8221;#c30059&#8243; bottom_divider_color=&#8221;#c30059&#8243; link_option_url_new_window=&#8221;on&#8221; global_colors_info=&#8221;{}&#8221;][et_pb_row _builder_version=&#8221;4.16&#8243; global_colors_info=&#8221;{}&#8221;][et_pb_column type=&#8221;4_4&#8243; _builder_version=&#8221;4.16&#8243; global_colors_info=&#8221;{}&#8221;][et_pb_image src=&#8221;https:\/\/it-karriere.kbv.de\/wp-content\/uploads\/2019\/10\/FundaJens.jpg&#8221; force_fullwidth=&#8221;on&#8221; _builder_version=&#8221;4.16&#8243; global_colors_info=&#8221;{}&#8221;][\/et_pb_image][\/et_pb_column][\/et_pb_row][et_pb_row _builder_version=&#8221;4.16&#8243; _module_preset=&#8221;default&#8221; global_colors_info=&#8221;{}&#8221;][et_pb_column type=&#8221;4_4&#8243; _builder_version=&#8221;4.16&#8243; _module_preset=&#8221;default&#8221; global_colors_info=&#8221;{}&#8221;][\/et_pb_column][\/et_pb_row][et_pb_row admin_label=&#8221;Section Title&#8221; _builder_version=&#8221;4.16&#8243; custom_margin=&#8221;|auto|2px|auto||&#8221; custom_padding=&#8221;||0px|&#8221; global_colors_info=&#8221;{}&#8221;][et_pb_column type=&#8221;4_4&#8243; _builder_version=&#8221;4.16&#8243; custom_padding=&#8221;|||&#8221; global_colors_info=&#8221;{}&#8221; custom_padding__hover=&#8221;|||&#8221;][et_pb_text module_id=&#8221;Anker-ueber-1&#8243; _builder_version=&#8221;4.16&#8243; text_font=&#8221;||||||||&#8221; header_font=&#8221;||||||||&#8221; header_2_font=&#8221;Montserrat|600||on|||||&#8221; header_2_text_align=&#8221;center&#8221; header_2_font_size=&#8221;30px&#8221; min_height=&#8221;95px&#8221; custom_margin=&#8221;||5px|&#8221; custom_padding=&#8221;10px||0px|||&#8221; animation_style=&#8221;slide&#8221; animation_direction=&#8221;top&#8221; animation_intensity_slide=&#8221;20%&#8221; animation_starting_opacity=&#8221;100%&#8221; global_colors_info=&#8221;{}&#8221;]<\/p>\n<h1 style=\"text-align: center;\" id=\"h19sk1j5r3k4191r5madwkb3byh2wgo\"><a href=\"#h19sk1j5r3k4191r5madwkb3byh2wgo\" title=\"\u00dcber uns\"><span style=\"color: #c30059;\"><strong>WIR BIETEN DIE INNOVATIVSTEN IT-JOBS IM GESUNDHEITSWESEN<\/strong><\/span><\/a><\/h1>\n<p><span style=\"color: #c30059;\"><strong><\/strong><\/span><\/p>\n<h3 id=\"h3sk1hvutix2up07319viduv131lc93\" style=\"text-align: center;\"><strong><em>Wir machen Gesundheit digital!\u00a0<\/em><\/strong><\/h3>\n<p>[\/et_pb_text][et_pb_divider show_divider=&#8221;off&#8221; _builder_version=&#8221;4.16&#8243; max_width=&#8221;23px&#8221; module_alignment=&#8221;center&#8221; animation_style=&#8221;slide&#8221; animation_direction=&#8221;top&#8221; animation_intensity_slide=&#8221;20%&#8221; animation_starting_opacity=&#8221;100%&#8221; global_colors_info=&#8221;{}&#8221;][\/et_pb_divider][\/et_pb_column][\/et_pb_row][et_pb_row column_structure=&#8221;1_2,1_2&#8243; use_custom_gutter=&#8221;on&#8221; make_equal=&#8221;on&#8221; admin_label=&#8221;Service Area&#8221; _builder_version=&#8221;4.16&#8243; module_alignment=&#8221;center&#8221; custom_margin=&#8221;|auto||1485px||&#8221; custom_padding=&#8221;1px|||||&#8221; global_colors_info=&#8221;{}&#8221;][et_pb_column type=&#8221;1_2&#8243; _builder_version=&#8221;4.16&#8243; custom_padding=&#8221;|||&#8221; global_colors_info=&#8221;{}&#8221; custom_padding__hover=&#8221;|||&#8221;][et_pb_blurb title=&#8221;Wir sind Top Player im Gesundheitswesen&#8221; image=&#8221;https:\/\/it-karriere.kbv.de\/wp-content\/uploads\/2019\/10\/ico_champ-1.png&#8221; icon_placement=&#8221;left&#8221; font_icon_tablet=&#8221;&#8221; font_icon_phone=&#8221;&#8221; font_icon_last_edited=&#8221;on|desktop&#8221; _builder_version=&#8221;4.16&#8243; header_font=&#8221;Montserrat|600|||||||&#8221; header_font_size=&#8221;20px&#8221; body_font=&#8221;||||||||&#8221; body_font_size=&#8221;16px&#8221; body_line_height=&#8221;1.8em&#8221; width=&#8221;100%&#8221; animation_style=&#8221;slide&#8221; animation_direction=&#8221;bottom&#8221; animation_starting_opacity=&#8221;100%&#8221; global_colors_info=&#8221;{}&#8221;]<\/p>\n<p>Hinter uns stehen rund 165.000 ambulant in Praxen t\u00e4tige \u00c4rzte und Psychotherapeuten: Wir setzen uns in der Bundespolitik und auf EU-Ebene f\u00fcr ihre Interessen ein und gestalten die Digitalisierung der Gesundheitsversorgung\u00a0 wesentlich mit. Neben Politik und Digitalisierung geht es au\u00dferdem in Verhandlungen mit den gesetzlichen Krankenkassen darum, welche medizinischen Leistungen f\u00fcr ihre Versicherten in den Praxen zur Verf\u00fcgung stehen und wie die Psychotherapeuten und \u00c4rzte daf\u00fcr honoriert werden. So sorgen wir als Dachverband der einzelnen Kassen\u00e4rztlichen Vereinigungen mit daf\u00fcr, dass rund 72 Millionen gesetzlich Krankenversicherte deutschlandweit die gleiche hochwertige medizinische Betreuung erhalten.<\/p>\n<p>[\/et_pb_blurb][\/et_pb_column][et_pb_column type=&#8221;1_2&#8243; _builder_version=&#8221;4.16&#8243; custom_padding=&#8221;|||&#8221; global_colors_info=&#8221;{}&#8221; custom_padding__hover=&#8221;|||&#8221;][et_pb_blurb title=&#8221;Wir organisieren die ambulante Versorgung&#8221; image=&#8221;https:\/\/it-karriere.kbv.de\/wp-content\/uploads\/2019\/10\/ico_gesund-1.png&#8221; icon_placement=&#8221;left&#8221; _builder_version=&#8221;4.16&#8243; header_font=&#8221;Montserrat|600|||||||&#8221; header_font_size=&#8221;20px&#8221; body_font=&#8221;||||||||&#8221; body_font_size=&#8221;16px&#8221; body_line_height=&#8221;1.8em&#8221; animation_style=&#8221;slide&#8221; animation_direction=&#8221;bottom&#8221; animation_starting_opacity=&#8221;100%&#8221; global_colors_info=&#8221;{}&#8221;]<\/p>\n<p>Was tagt\u00e4glich in den Praxen geleistet wird \u2013 daf\u00fcr schaffen regional die Kassen\u00e4rztlichen Vereinigungen (KVen) die Voraussetzungen. Wir als Dachverband der KVen bauen gewisserma\u00dfen den Rahmen f\u00fcr deren Arbeit. Beispielsweise bieten wir gemeinsam ein sicheres Netzwerk f\u00fcr Arztpraxen (das sogenannte \u201eSichere Netz der KVen\u201c, kurz: SNK) an. Hier\u00fcber haben die Praxen unter anderem die M\u00f6glichkeit, online mit ihren KVen abzurechnen oder Behandlungsergebnisse elektronisch zu dokumentieren. Ferner k\u00f6nnen sie \u00fcber das SNK ganz einfach Arztbriefe und sichere Mails verschicken.<\/p>\n<p> Auch f\u00fcr die Patientinnen und Patienten bieten wir digitale Services an, beispielsweise indem wir unsere BundesArztsuche-App stetig weiterentwickeln.<\/p>\n<p>[\/et_pb_blurb][\/et_pb_column][\/et_pb_row][et_pb_row column_structure=&#8221;1_2,1_2&#8243; admin_label=&#8221;Service Area&#8221; _builder_version=&#8221;4.16&#8243; custom_margin=&#8221;15px|||&#8221; global_colors_info=&#8221;{}&#8221;][et_pb_column type=&#8221;1_2&#8243; _builder_version=&#8221;4.16&#8243; custom_padding=&#8221;|||&#8221; global_colors_info=&#8221;{}&#8221; custom_padding__hover=&#8221;|||&#8221;][et_pb_blurb title=&#8221;Wir treiben die Vernetzung des Gesundheitswesens voran&#8221; image=&#8221;https:\/\/it-karriere.kbv.de\/wp-content\/uploads\/2019\/10\/ico_netz@3x-1.png&#8221; icon_placement=&#8221;left&#8221; _builder_version=&#8221;4.16&#8243; header_font=&#8221;Montserrat|600|||||||&#8221; header_font_size=&#8221;20px&#8221; body_font=&#8221;||||||||&#8221; body_font_size=&#8221;16px&#8221; body_line_height=&#8221;1.8em&#8221; animation_style=&#8221;slide&#8221; animation_direction=&#8221;bottom&#8221; animation_starting_opacity=&#8221;100%&#8221; global_colors_info=&#8221;{}&#8221;]<\/p>\n<p>Wir entwickeln \u2013 neben dem \u201eSicheren Netz der KVen\u201c \u2013 konkrete Ideen f\u00fcr die Telematikinfrastruktur im deutschen Gesundheitswesen. Diese bringen wir ein und entscheiden am Verhandlungstisch mit, gerade auch wenn es um konkrete Funktionalit\u00e4ten geht:<\/p>\n<ul>\n<li is=\"undefined\">elektronische Patientenakte (ePA)<\/li>\n<li is=\"undefined\">elektronische Gesundheitskarte (eGK)<\/li>\n<li is=\"undefined\">Notfalldatenmanagement<\/li>\n<li is=\"undefined\">elektronisches Rezept\u00a0<\/li>\n<li is=\"undefined\">elektronischer Medikationsplan<\/li>\n<\/ul>\n<p>[\/et_pb_blurb][\/et_pb_column][et_pb_column type=&#8221;1_2&#8243; _builder_version=&#8221;4.16&#8243; custom_padding=&#8221;|||&#8221; global_colors_info=&#8221;{}&#8221; custom_padding__hover=&#8221;|||&#8221;][et_pb_blurb title=&#8221;Wir sind Systemhaus und Dienstleister&#8221; image=&#8221;https:\/\/it-karriere.kbv.de\/wp-content\/uploads\/2019\/10\/ico_haus-1.png&#8221; icon_placement=&#8221;left&#8221; _builder_version=&#8221;4.16&#8243; header_font=&#8221;Montserrat|600|||||||&#8221; header_font_size=&#8221;20px&#8221; body_font=&#8221;||||||||&#8221; body_font_size=&#8221;16px&#8221; body_line_height=&#8221;1.8em&#8221; animation_style=&#8221;slide&#8221; animation_direction=&#8221;bottom&#8221; animation_starting_opacity=&#8221;100%&#8221; global_colors_info=&#8221;{}&#8221;]<\/p>\n<p>Als K\u00f6rperschaft des \u00f6ffentlichen Rechts gelten f\u00fcr uns gewisse gesetzliche Vorgaben, die stets ber\u00fccksichtigt werden m\u00fcssen. Zugleich tragen wir als gesetzlich verankertes Organ der Selbstverwaltung zahlreiche Aufgaben, die wir aktiv gestalten m\u00fcssen und d\u00fcrfen. Dabei versteht sich das Dezernat Digitalisierung und IT als Systemhaus und als Dienstleister zur Bereitstellung einer modernen IT-Infrastruktur. Wir sorgen daf\u00fcr, dass beispielsweise die Praxisverwaltungssysteme \u00fcber alle Funktionen verf\u00fcgen, die \u00c4rzte und Psychotherapeuten f\u00fcr einen reibungslosen Praxisbetrieb ben\u00f6tigen. Dazu legen wir bundeseinheitliche Standards fest und definieren Vorgaben f\u00fcr Softwarefunktionalit\u00e4ten, die die Hersteller beachten m\u00fcssen.<\/p>\n<p>[\/et_pb_blurb][\/et_pb_column][\/et_pb_row][et_pb_row _builder_version=&#8221;4.16&#8243; global_colors_info=&#8221;{}&#8221;][et_pb_column type=&#8221;4_4&#8243; _builder_version=&#8221;4.16&#8243; global_colors_info=&#8221;{}&#8221;][et_pb_image src=&#8221;https:\/\/it-karriere.kbv.de\/wp-content\/uploads\/2019\/10\/komplett.jpg&#8221; force_fullwidth=&#8221;on&#8221; _builder_version=&#8221;4.16&#8243; global_colors_info=&#8221;{}&#8221;][\/et_pb_image][\/et_pb_column][\/et_pb_row][\/et_pb_section][et_pb_section fb_built=&#8221;1&#8243; admin_label=&#8221;About Section&#8221; _builder_version=&#8221;4.16&#8243; background_color=&#8221;#ffffff&#8221; min_height=&#8221;886px&#8221; custom_margin=&#8221;-15px||-23px|||&#8221; custom_padding=&#8221;113px||31px||false|&#8221; top_divider_color=&#8221;#c30059&#8243; global_colors_info=&#8221;{}&#8221;][et_pb_row admin_label=&#8221;Section Title&#8221; _builder_version=&#8221;4.16&#8243; min_height=&#8221;78px&#8221; custom_margin=&#8221;-64px|auto|0px|auto||&#8221; custom_padding=&#8221;||0px|&#8221; global_colors_info=&#8221;{}&#8221;][et_pb_column type=&#8221;4_4&#8243; _builder_version=&#8221;4.16&#8243; custom_padding=&#8221;|||&#8221; global_colors_info=&#8221;{}&#8221; custom_padding__hover=&#8221;|||&#8221;][et_pb_text admin_label=&#8221;Title&#8221; _builder_version=&#8221;4.16&#8243; text_font=&#8221;||||||||&#8221; header_font=&#8221;||||||||&#8221; header_2_font=&#8221;Montserrat|600||on|||||&#8221; header_2_text_align=&#8221;center&#8221; header_2_font_size=&#8221;30px&#8221; custom_margin=&#8221;||5px|&#8221; animation_style=&#8221;slide&#8221; animation_direction=&#8221;top&#8221; animation_intensity_slide=&#8221;20%&#8221; animation_starting_opacity=&#8221;100%&#8221; global_colors_info=&#8221;{}&#8221;]<\/p>\n<h1 style=\"text-align: center;\"><a href=\"#h9sk1hzdeqs57os3050p0amidbbb\" title=\"Wir suchen\"><span style=\"color: #c30059;\"><strong>WIR SUCHEN NACH BEGEISTERUNGSF\u00c4HIGEN MITARBEITER\/INNEN <\/strong><\/span><\/a><\/h1>\n<h1 style=\"text-align: center;\"><a href=\"#h9sk1hzdeqs57os3050p0amidbbb\" title=\"Wir suchen\"><span style=\"color: #c30059;\"><strong>MIT EIGENINITIATIVE UND FRISCHEN IDEEN<\/strong><\/span><\/a><\/h1>\n<h3 id=\"h6sk1hwjciu1nckp3e1tsdmlcxff88x\" style=\"text-align: center;\"><span class=\"small\"><span color=\"c30059\"><i><b>Wir <\/b><strong>tragen<\/strong> <b>viel Verantwortung, am liebsten gemeinsam<\/b><\/i><\/span><\/span><\/h3>\n<h3 style=\"text-align: center;\" id=\"h6sk1hwjciu1nckp3e1tsdmlcxff88x\"><span class=\"small\"><span color=\"c30059\"><i><b>\u00a0<\/b><\/i><\/span><\/span><\/h3>\n<p>[\/et_pb_text][et_pb_divider show_divider=&#8221;off&#8221; _builder_version=&#8221;4.16&#8243; max_width=&#8221;23px&#8221; module_alignment=&#8221;center&#8221; animation_style=&#8221;slide&#8221; animation_direction=&#8221;top&#8221; animation_intensity_slide=&#8221;20%&#8221; animation_starting_opacity=&#8221;100%&#8221; global_colors_info=&#8221;{}&#8221;][\/et_pb_divider][\/et_pb_column][\/et_pb_row][et_pb_row column_structure=&#8221;1_2,1_2&#8243; admin_label=&#8221;Service Area&#8221; _builder_version=&#8221;4.16&#8243; global_colors_info=&#8221;{}&#8221;][et_pb_column type=&#8221;1_2&#8243; _builder_version=&#8221;4.16&#8243; custom_padding=&#8221;|||&#8221; global_colors_info=&#8221;{}&#8221; custom_padding__hover=&#8221;|||&#8221;][et_pb_blurb title=&#8221;Sie blicken \u00fcber den Tellerrand&#8221; image=&#8221;https:\/\/it-karriere.kbv.de\/wp-content\/uploads\/2019\/10\/ico_tellerrand-1.png&#8221; icon_placement=&#8221;left&#8221; font_icon_tablet=&#8221;&#8221; font_icon_phone=&#8221;&#8221; font_icon_last_edited=&#8221;on|desktop&#8221; _builder_version=&#8221;4.16&#8243; header_font=&#8221;Montserrat|600|||||||&#8221; header_font_size=&#8221;20px&#8221; body_font=&#8221;||||||||&#8221; body_font_size=&#8221;16px&#8221; body_line_height=&#8221;1.8em&#8221; animation_style=&#8221;fold&#8221; animation_direction=&#8221;bottom&#8221; animation_intensity_fold=&#8221;20%&#8221; animation_starting_opacity=&#8221;100%&#8221; global_colors_info=&#8221;{}&#8221;]<\/p>\n<p><span style=\"color: #385c6c;\">Fokussiertes Arbeiten ist auch bei uns unerl\u00e4sslich. Gerade im politisch gepr\u00e4gten Umfeld, in dem wir uns t\u00e4glich bewegen, kommt es besonders darauf an, die vielen, oft widerstreitenden Interessen aller Beteiligten im Gesundheitssystem sinnvoll einzubeziehen. Daf\u00fcr<\/span> bauen wir auf Kolleginnen und Kollegen, die darauf aus sind, die Welt auf eine Weise zu ver\u00e4ndern, in dem sie jeden Tag gro\u00dfartige Dinge schaffen und komplizierte Aufgaben kreativ l\u00f6sen.<\/p>\n<p>[\/et_pb_blurb][\/et_pb_column][et_pb_column type=&#8221;1_2&#8243; _builder_version=&#8221;4.16&#8243; custom_padding=&#8221;|||&#8221; global_colors_info=&#8221;{}&#8221; custom_padding__hover=&#8221;|||&#8221;][et_pb_blurb title=&#8221;Es geht Ihnen um die Sache&#8221; image=&#8221;https:\/\/it-karriere.kbv.de\/wp-content\/uploads\/2019\/10\/ico_motivation-1.png&#8221; icon_placement=&#8221;left&#8221; _builder_version=&#8221;4.16&#8243; header_font=&#8221;Montserrat|600|||||||&#8221; header_font_size=&#8221;20px&#8221; body_font=&#8221;||||||||&#8221; body_font_size=&#8221;16px&#8221; body_line_height=&#8221;1.8em&#8221; animation_style=&#8221;fold&#8221; animation_direction=&#8221;bottom&#8221; animation_intensity_fold=&#8221;20%&#8221; animation_starting_opacity=&#8221;100%&#8221; global_colors_info=&#8221;{}&#8221;]<span style=\"color: #385c6b\">Eitelkeiten sind Ihnen nicht wichtig. Vielmehr geht es Ihnen darum, die Sache mit Ihrem Talent, Ihrer Expertise und Ihrem Engagement voranzubringen \u2013 mit all den Eigenschaften, die sich alle Arbeitgeber nun einmal w\u00fcnschen; da stellen auch wir keine Ausnahme dar: Sie sind motiviert und blicken nach vorne, Sie wollen aktiv gestalten und die Dinge anpacken und Sie identifizieren sich mit dem, was Sie tun. Auch wenn wir an dieser Stelle dieselben Begriffe verwenden, wie so viele andere: Uns sind diese Dinge nun einmal wirklich wichtig.<\/span>[\/et_pb_blurb][\/et_pb_column][\/et_pb_row][et_pb_row column_structure=&#8221;1_2,1_2&#8243; admin_label=&#8221;Service Area&#8221; _builder_version=&#8221;4.16&#8243; custom_margin=&#8221;15px|||&#8221; global_colors_info=&#8221;{}&#8221;][et_pb_column type=&#8221;1_2&#8243; _builder_version=&#8221;4.16&#8243; custom_padding=&#8221;|||&#8221; global_colors_info=&#8221;{}&#8221; custom_padding__hover=&#8221;|||&#8221;][et_pb_blurb title=&#8221;Sie fahren zweigleisig: Eigenst\u00e4ndig und im Team&#8221; image=&#8221;https:\/\/it-karriere.kbv.de\/wp-content\/uploads\/2019\/10\/ico_team-1.png&#8221; icon_placement=&#8221;left&#8221; _builder_version=&#8221;4.16&#8243; header_font=&#8221;Montserrat|600|||||||&#8221; header_font_size=&#8221;20px&#8221; body_font=&#8221;||||||||&#8221; body_font_size=&#8221;16px&#8221; body_line_height=&#8221;1.8em&#8221; animation_style=&#8221;fold&#8221; animation_direction=&#8221;bottom&#8221; animation_intensity_fold=&#8221;20%&#8221; animation_starting_opacity=&#8221;100%&#8221; global_colors_info=&#8221;{}&#8221;]<span style=\"color: #385c6b;\">Auch hier unterscheiden wir uns nicht allzu sehr von anderen Arbeitgebern. Wir suchen Leute, die eigenst\u00e4ndig denken und arbeiten ohne dabei zu vergessen, das jeweils zust\u00e4ndige Team an den richtigen und wichtigen Stellen zu informieren, einzubinden und mitzunehmen. Das mag nach Plattit\u00fcde klingen, ist aber f\u00fcr unsere Arbeit und ein erfolgreiches Miteinander unverzichtbar \u2013 und zugleich ein ernst gemeintes Angebot an Sie.<\/span>[\/et_pb_blurb][\/et_pb_column][et_pb_column type=&#8221;1_2&#8243; _builder_version=&#8221;4.16&#8243; custom_padding=&#8221;|||&#8221; global_colors_info=&#8221;{}&#8221; custom_padding__hover=&#8221;|||&#8221;][et_pb_blurb title=&#8221;Bei Ihnen sind Geduld und Ungeduld in gesunder Balance&#8221; image=&#8221;https:\/\/it-karriere.kbv.de\/wp-content\/uploads\/2019\/10\/ico_-balance-1.png&#8221; icon_placement=&#8221;left&#8221; _builder_version=&#8221;4.16&#8243; header_font=&#8221;Montserrat|600|||||||&#8221; header_font_size=&#8221;20px&#8221; body_font=&#8221;||||||||&#8221; body_font_size=&#8221;16px&#8221; body_line_height=&#8221;1.8em&#8221; animation_style=&#8221;fold&#8221; animation_direction=&#8221;bottom&#8221; animation_intensity_fold=&#8221;20%&#8221; animation_starting_opacity=&#8221;100%&#8221; global_colors_info=&#8221;{}&#8221;]<\/p>\n<p><span style=\"color: #385c6b;\">Was zun\u00e4chst ein wenig widerspr\u00fcchlich erscheinen mag: In unseren Jobs m\u00fcssen wir ungeduldig und geduldig zugleich sein. Wir brauchen die innere Unruhe, die uns antreibt, um gro\u00dfe Dinge zu bewegen und Aufgaben zu l\u00f6sen. Gleichzeitig bewegen wir uns in einem politischen Umfeld. Dieses verlangt uns Geduld ab, wenn Entscheidungsprozesse und Verhandlungen sich etwas ausf\u00fchrlicher entwickeln. Es bedeutet aber auch, dass wir f\u00fcr manche L\u00f6sungen mehrere Anl\u00e4ufe aus unterschiedlichen Richtungen nehmen m\u00fcssen.<br \/><\/span><\/p>\n<p>[\/et_pb_blurb][\/et_pb_column][\/et_pb_row][\/et_pb_section][et_pb_section fb_built=&#8221;1&#8243; admin_label=&#8221;About Section&#8221; _builder_version=&#8221;4.16&#8243; background_color=&#8221;#ffffff&#8221; min_height=&#8221;886px&#8221; custom_margin=&#8221;||40px||false|false&#8221; custom_padding=&#8221;||0px||false|false&#8221; top_divider_color=&#8221;#c30059&#8243; global_colors_info=&#8221;{}&#8221;][et_pb_row _builder_version=&#8221;4.16&#8243; global_colors_info=&#8221;{}&#8221;][et_pb_column type=&#8221;4_4&#8243; _builder_version=&#8221;4.16&#8243; global_colors_info=&#8221;{}&#8221;][et_pb_image src=&#8221;https:\/\/it-karriere.kbv.de\/wp-content\/uploads\/2019\/10\/team.jpg&#8221; force_fullwidth=&#8221;on&#8221; _builder_version=&#8221;4.16&#8243; global_colors_info=&#8221;{}&#8221;][\/et_pb_image][\/et_pb_column][\/et_pb_row][et_pb_row admin_label=&#8221;Section Title&#8221; _builder_version=&#8221;4.16&#8243; custom_margin=&#8221;|auto|1px|auto||&#8221; custom_padding=&#8221;||0px|&#8221; global_colors_info=&#8221;{}&#8221;][et_pb_column type=&#8221;4_4&#8243; _builder_version=&#8221;4.16&#8243; custom_padding=&#8221;|||&#8221; global_colors_info=&#8221;{}&#8221; custom_padding__hover=&#8221;|||&#8221;][et_pb_text admin_label=&#8221;Title&#8221; _builder_version=&#8221;4.16&#8243; text_font=&#8221;||||||||&#8221; header_font=&#8221;||||||||&#8221; header_2_font=&#8221;Montserrat|600||on|||||&#8221; header_2_text_align=&#8221;center&#8221; header_2_font_size=&#8221;30px&#8221; custom_margin=&#8221;||5px|&#8221; animation_style=&#8221;slide&#8221; animation_direction=&#8221;top&#8221; animation_intensity_slide=&#8221;20%&#8221; animation_starting_opacity=&#8221;100%&#8221; global_colors_info=&#8221;{}&#8221;]<\/p>\n<h1 style=\"text-align: center;\" id=\"h25sk1j5sobg7ldk4x190hx92vtnbmf\">\u00a0<a href=\"#h25sk1j5sobg7ldk4x190hx92vtnbmf\" title=\"KBV als Arbeitgeber\"><span style=\"color: #c30059;\"><strong>WAS K\u00d6NNEN WIR NOCH?<\/strong><\/span><\/a><\/h1>\n<h3 style=\"text-align: center;\" id=\"h25sk1hzh34i1hpmfui1r3ds5a6fq0kr\"><span class=\"small\"><span color=\"c30059\"><i><b>Wir achten auf eine moderne Arbeitswelt<br \/> <\/b><\/i><\/span><\/span><\/h3>\n<p>[\/et_pb_text][et_pb_divider show_divider=&#8221;off&#8221; _builder_version=&#8221;4.16&#8243; max_width=&#8221;23px&#8221; module_alignment=&#8221;center&#8221; animation_style=&#8221;slide&#8221; animation_direction=&#8221;top&#8221; animation_intensity_slide=&#8221;20%&#8221; animation_starting_opacity=&#8221;100%&#8221; global_colors_info=&#8221;{}&#8221;][\/et_pb_divider][\/et_pb_column][\/et_pb_row][et_pb_row column_structure=&#8221;1_3,1_3,1_3&#8243; admin_label=&#8221;Service Area&#8221; _builder_version=&#8221;4.16&#8243; global_colors_info=&#8221;{}&#8221;][et_pb_column type=&#8221;1_3&#8243; _builder_version=&#8221;4.16&#8243; custom_padding=&#8221;|||&#8221; global_colors_info=&#8221;{}&#8221; custom_padding__hover=&#8221;|||&#8221;][et_pb_blurb title=&#8221;UP TO DATE&#8221; icon_placement=&#8221;left&#8221; font_icon_tablet=&#8221;&#8221; font_icon_phone=&#8221;&#8221; font_icon_last_edited=&#8221;on|desktop&#8221; _builder_version=&#8221;4.16&#8243; header_font=&#8221;Montserrat|600|||||||&#8221; header_font_size=&#8221;20px&#8221; body_font=&#8221;||||||||&#8221; body_font_size=&#8221;16px&#8221; body_line_height=&#8221;1.8em&#8221; animation_style=&#8221;fold&#8221; animation_direction=&#8221;bottom&#8221; animation_intensity_fold=&#8221;20%&#8221; animation_starting_opacity=&#8221;100%&#8221; global_colors_info=&#8221;{}&#8221;]<\/p>\n<p><a href=\"https:\/\/it-karriere.kbv.de\/wp-content\/uploads\/2019\/10\/b-001-1.jpg\"><img loading=\"lazy\" decoding=\"async\" src=\"https:\/\/it-karriere.kbv.de\/wp-content\/uploads\/2019\/10\/b-001-1.jpg\" alt=\"\" class=\"wp-image-611 alignleft size-full\" height=\"65\" width=\"259\" \/><\/a><\/p>\n<p>&nbsp;<\/p>\n<p>&nbsp;<\/p>\n<p>Unsere Arbeitsweise im Dezernat Digitalisierung und IT ist gewiss anders, als sich das viele f\u00fcr eine K\u00f6rperschaft vorstellen. Wir arbeiten viel in Teams und pflegen einen regen und fairen Austausch, in dem alle Ideen ihren Platz finden. Agiles Arbeiten und eine gro\u00dfe Portion gestalterischer Freiheit pr\u00e4gen unseren Arbeitsalltag und unser Miteinander. Dabei stehen unseren Teams selbstverst\u00e4ndlich stets die modernste Technik sowie die neuesten Technologien zur Verf\u00fcgung.<br \/> Wer bei der KBV anheuert, wird bestm\u00f6glich an Bord geholt: mit unserer Onboarding-Veranstaltung KBV-Inside sowie Einarbeitungsprogrammen in Ihrem neuen Arbeitsumfeld. Information und Networking verbinden wir regelm\u00e4\u00dfig bei unserer internen Informationsplattform f\u00fcr alle Besch\u00e4ftigten namens lunch &amp; learn: aktuelle Informationen \u00fcber interne Projekte, Entwicklungen, Themen und Ergebnisse aus erster Hand.<\/p>\n<p>[\/et_pb_blurb][\/et_pb_column][et_pb_column type=&#8221;1_3&#8243; _builder_version=&#8221;4.16&#8243; custom_padding=&#8221;|||&#8221; global_colors_info=&#8221;{}&#8221; custom_padding__hover=&#8221;|||&#8221;][et_pb_blurb title=&#8221;FIT IM JOB&#8221; icon_placement=&#8221;left&#8221; font_icon_tablet=&#8221;&#8221; font_icon_phone=&#8221;&#8221; font_icon_last_edited=&#8221;on|desktop&#8221; _builder_version=&#8221;4.16&#8243; header_font=&#8221;Montserrat|600|||||||&#8221; header_font_size=&#8221;20px&#8221; body_font=&#8221;||||||||&#8221; body_font_size=&#8221;16px&#8221; body_line_height=&#8221;1.8em&#8221; animation_style=&#8221;fold&#8221; animation_direction=&#8221;bottom&#8221; animation_intensity_fold=&#8221;20%&#8221; animation_starting_opacity=&#8221;100%&#8221; global_colors_info=&#8221;{}&#8221;]<\/p>\n<p><a href=\"https:\/\/it-karriere.kbv.de\/wp-content\/uploads\/2019\/10\/b-002-1.jpg\"><img loading=\"lazy\" decoding=\"async\" src=\"https:\/\/it-karriere.kbv.de\/wp-content\/uploads\/2019\/10\/b-002-1.jpg\" alt=\"\" class=\"wp-image-612 alignleft size-full\" height=\"65\" width=\"259\" \/><\/a><\/p>\n<p>&nbsp;<\/p>\n<p>&nbsp;<\/p>\n<p>Ihre fachliche Fitness l\u00e4sst sich bei uns prima mit k\u00f6rperlicher Fitness kombinieren. Wir legen gro\u00dfen Wert auf ein gesundheitsf\u00f6rderliches Arbeitsumfeld mit verschiedenen Sportkursen im hauseigenen Fitnessraum und Outdooraktivit\u00e4ten: beispielsweise Laufgruppen im Tiergarten, Tischtennis, Wirbels\u00e4ulen-Gymnastik, Yoga oder Zumba. Der Teamgeist wird bei uns zum Feierabend nicht abgelegt: Wer mag, kommt mit Kolleginnen und Kollegen aus allen Bereichen der KBV zu regelm\u00e4\u00dfigen Team-Sportevents zusammen, etwa mit Fu\u00dfball beim KBV-Turnier oder der Teilnahme am Firmenlauf.<br \/> Unser Firmenrestaurant bietet abwechslungsreiche und vielf\u00e4ltige Mittagessen und Snacks: f\u00fcr Gesundheitsbewusste ebenso wie f\u00fcr alle, die deftigere Kost bevorzugen.<\/p>\n<p>[\/et_pb_blurb][\/et_pb_column][et_pb_column type=&#8221;1_3&#8243; _builder_version=&#8221;4.16&#8243; global_colors_info=&#8221;{}&#8221;][et_pb_blurb title=&#8221;FLEXIBEL UND PASSGENAU&#8221; icon_placement=&#8221;left&#8221; font_icon_tablet=&#8221;&#8221; font_icon_phone=&#8221;&#8221; font_icon_last_edited=&#8221;on|desktop&#8221; _builder_version=&#8221;4.16&#8243; header_font=&#8221;Montserrat|600|||||||&#8221; header_font_size=&#8221;20px&#8221; body_font=&#8221;||||||||&#8221; body_font_size=&#8221;16px&#8221; body_line_height=&#8221;1.8em&#8221; animation_style=&#8221;fold&#8221; animation_direction=&#8221;bottom&#8221; animation_intensity_fold=&#8221;20%&#8221; animation_starting_opacity=&#8221;100%&#8221; global_colors_info=&#8221;{}&#8221;]<\/p>\n<p><a href=\"https:\/\/it-karriere.kbv.de\/wp-content\/uploads\/2019\/10\/b-003-1.jpg\"><img loading=\"lazy\" decoding=\"async\" src=\"https:\/\/it-karriere.kbv.de\/wp-content\/uploads\/2019\/10\/b-003-1.jpg\" alt=\"\" class=\"wp-image-613 alignleft size-full\" height=\"65\" width=\"259\" \/><\/a><\/p>\n<p>&nbsp;<\/p>\n<p>&nbsp;<\/p>\n<p>Freizeit, Familie und Job bekommen Sie bei uns gut unter einem Hut. Zwischen 6:00 Uhr und 20:00 Uhr k\u00f6nnen Sie Ihre Arbeit nach Absprache mit Ihrem Team flexibel einteilen. Bei einer Vollzeitstelle betr\u00e4gt die Arbeitszeit 40 Stunden pro Woche. Teilzeitarbeit ist grunds\u00e4tzlich m\u00f6glich.<br \/> Bei uns in der KBV gibt es eine Zeiterfassung mit Zeitkonto. Sollten mal mehr als 40 Stunden in einer Woche anfallen, k\u00f6nnen Sie diese Mehrarbeit bei Bedarf und nach Absprache durch Gleitzeittage oder einen sp\u00e4teren Arbeitsbeginn beziehungsweise fr\u00fcheren Feierabend ausgleichen.<br \/> Die Kooperation mit einer Kindertagesst\u00e4tte mit \u00d6ffnungszeiten von 7:00 Uhr bis 18:00 Uhr in einem unserer Geb\u00e4ude macht das Familienmanagement leichter.<\/p>\n<p>[\/et_pb_blurb][\/et_pb_column][\/et_pb_row][\/et_pb_section][et_pb_section fb_built=&#8221;1&#8243; admin_label=&#8221;About Section&#8221; _builder_version=&#8221;4.16&#8243; background_color=&#8221;#ffffff&#8221; custom_padding=&#8221;2px||0px|||&#8221; global_colors_info=&#8221;{}&#8221;][et_pb_row _builder_version=&#8221;4.16&#8243; global_colors_info=&#8221;{}&#8221;][et_pb_column type=&#8221;4_4&#8243; _builder_version=&#8221;4.16&#8243; global_colors_info=&#8221;{}&#8221;][et_pb_image src=&#8221;https:\/\/it-karriere.kbv.de\/wp-content\/uploads\/2019\/10\/Besprechung.jpg&#8221; force_fullwidth=&#8221;on&#8221; _builder_version=&#8221;4.16&#8243; global_colors_info=&#8221;{}&#8221;][\/et_pb_image][\/et_pb_column][\/et_pb_row][et_pb_row admin_label=&#8221;Section Title&#8221; _builder_version=&#8221;4.16&#8243; custom_margin=&#8221;||40px|&#8221; custom_padding=&#8221;||0px|&#8221; global_colors_info=&#8221;{}&#8221;][et_pb_column type=&#8221;4_4&#8243; _builder_version=&#8221;4.16&#8243; custom_padding=&#8221;|||&#8221; global_colors_info=&#8221;{}&#8221; custom_padding__hover=&#8221;|||&#8221;][et_pb_text admin_label=&#8221;Title&#8221; _builder_version=&#8221;4.16&#8243; text_font=&#8221;||||||||&#8221; header_font=&#8221;||||||||&#8221; header_2_font=&#8221;Montserrat|600||on|||||&#8221; header_2_text_align=&#8221;center&#8221; header_2_font_size=&#8221;30px&#8221; custom_margin=&#8221;||5px|&#8221; animation_style=&#8221;slide&#8221; animation_direction=&#8221;top&#8221; animation_intensity_slide=&#8221;20%&#8221; animation_starting_opacity=&#8221;100%&#8221; global_colors_info=&#8221;{}&#8221;]<\/p>\n<p>&nbsp;<\/p>\n<h1 id=\"h4sk1hz3zrn9a9yworpbtga1mv1ang\" style=\"text-align: center;\"><a href=\"#h4sk1hz3zrn9a9yworpbtga1mv1ang\" title=\"Rahmenbedingungen\"><span style=\"color: #c30059;\"><strong>LEISTUNG SOLL SICH LOHNEN<\/strong><\/span><\/a><\/h1>\n<h3 style=\"text-align: center;\" id=\"h30sk1hzijzw1ji33tt9cnl551ydijvr\"><span class=\"small\"><span color=\"c30059\"><i><b>Wir stellen hohe Erwartungen an unsere Besch\u00e4ftigten. Im Gegenzug warten auf Sie neben einem attraktiven Gehalt auch viele Zusatzleistungen, die das Leben angenehmer machen:<br \/> <\/b><\/i><\/span><\/span><\/h3>\n<p>[\/et_pb_text][et_pb_divider show_divider=&#8221;off&#8221; _builder_version=&#8221;4.16&#8243; max_width=&#8221;23px&#8221; module_alignment=&#8221;center&#8221; animation_style=&#8221;slide&#8221; animation_direction=&#8221;top&#8221; animation_intensity_slide=&#8221;20%&#8221; animation_starting_opacity=&#8221;100%&#8221; global_colors_info=&#8221;{}&#8221;][\/et_pb_divider][\/et_pb_column][\/et_pb_row][et_pb_row column_structure=&#8221;1_3,1_3,1_3&#8243; admin_label=&#8221;Service Area&#8221; _builder_version=&#8221;4.16&#8243; custom_padding=&#8221;||0px|||&#8221; global_colors_info=&#8221;{}&#8221;][et_pb_column type=&#8221;1_3&#8243; _builder_version=&#8221;4.16&#8243; custom_padding=&#8221;|||&#8221; global_colors_info=&#8221;{}&#8221; custom_padding__hover=&#8221;|||&#8221;][et_pb_blurb image=&#8221;https:\/\/it-karriere.kbv.de\/wp-content\/uploads\/2019\/10\/ico_urlaub-1.png&#8221; icon_placement=&#8221;left&#8221; font_icon_tablet=&#8221;&#8221; font_icon_phone=&#8221;&#8221; font_icon_last_edited=&#8221;on|desktop&#8221; _builder_version=&#8221;4.16&#8243; header_font=&#8221;Montserrat|600|||||||&#8221; header_font_size=&#8221;20px&#8221; body_font=&#8221;||||||||&#8221; body_font_size=&#8221;16px&#8221; body_line_height=&#8221;1.8em&#8221; animation_style=&#8221;fold&#8221; animation_direction=&#8221;bottom&#8221; animation_intensity_fold=&#8221;20%&#8221; animation_starting_opacity=&#8221;100%&#8221; global_colors_info=&#8221;{}&#8221;]<\/p>\n<h4>30 Tage Urlaub<\/h4>\n<p>[\/et_pb_blurb][\/et_pb_column][et_pb_column type=&#8221;1_3&#8243; _builder_version=&#8221;4.16&#8243; custom_padding=&#8221;|||&#8221; global_colors_info=&#8221;{}&#8221; custom_padding__hover=&#8221;|||&#8221;][et_pb_blurb image=&#8221;https:\/\/it-karriere.kbv.de\/wp-content\/uploads\/2019\/10\/ico_bahn-1.png&#8221; icon_placement=&#8221;left&#8221; font_icon_tablet=&#8221;&#8221; font_icon_phone=&#8221;&#8221; font_icon_last_edited=&#8221;on|desktop&#8221; _builder_version=&#8221;4.19.0&#8243; header_font=&#8221;Montserrat|600|||||||&#8221; header_font_size=&#8221;20px&#8221; body_font=&#8221;||||||||&#8221; body_font_size=&#8221;16px&#8221; body_line_height=&#8221;1.8em&#8221; animation_style=&#8221;fold&#8221; animation_direction=&#8221;bottom&#8221; animation_intensity_fold=&#8221;20%&#8221; animation_starting_opacity=&#8221;100%&#8221; global_colors_info=&#8221;{}&#8221;]<\/p>\n<h4>Zuschuss zum Firmenticket f\u00fcr den \u00f6ffentlichen Nahverkehr<\/h4>\n<p>[\/et_pb_blurb][\/et_pb_column][et_pb_column type=&#8221;1_3&#8243; _builder_version=&#8221;4.16&#8243; global_colors_info=&#8221;{}&#8221;][et_pb_blurb image=&#8221;https:\/\/it-karriere.kbv.de\/wp-content\/uploads\/2019\/10\/ico_xmas-1.png&#8221; icon_placement=&#8221;left&#8221; font_icon_tablet=&#8221;&#8221; font_icon_phone=&#8221;&#8221; font_icon_last_edited=&#8221;on|desktop&#8221; _builder_version=&#8221;4.16&#8243; header_font=&#8221;Montserrat|600|||||||&#8221; header_font_size=&#8221;20px&#8221; body_font=&#8221;||||||||&#8221; body_font_size=&#8221;16px&#8221; body_line_height=&#8221;1.8em&#8221; animation_style=&#8221;fold&#8221; animation_direction=&#8221;bottom&#8221; animation_intensity_fold=&#8221;20%&#8221; animation_starting_opacity=&#8221;100%&#8221; global_colors_info=&#8221;{}&#8221;]<\/p>\n<h4>Freiwillige Weihnachtsgratifikation in H\u00f6he eines sogenannten \u201e13. Monatsgehaltes\u201c<\/h4>\n<p>[\/et_pb_blurb][\/et_pb_column][\/et_pb_row][et_pb_row column_structure=&#8221;1_3,1_3,1_3&#8243; admin_label=&#8221;Service Area&#8221; _builder_version=&#8221;4.16&#8243; global_colors_info=&#8221;{}&#8221;][et_pb_column type=&#8221;1_3&#8243; _builder_version=&#8221;4.16&#8243; custom_padding=&#8221;|||&#8221; global_colors_info=&#8221;{}&#8221; custom_padding__hover=&#8221;|||&#8221;][et_pb_blurb image=&#8221;https:\/\/it-karriere.kbv.de\/wp-content\/uploads\/2021\/03\/ico_sozial@5x.png&#8221; icon_placement=&#8221;left&#8221; font_icon_tablet=&#8221;&#8221; font_icon_phone=&#8221;&#8221; font_icon_last_edited=&#8221;on|desktop&#8221; _builder_version=&#8221;4.16&#8243; header_font=&#8221;Montserrat|600|||||||&#8221; header_font_size=&#8221;20px&#8221; body_font=&#8221;||||||||&#8221; body_font_size=&#8221;16px&#8221; body_line_height=&#8221;1.8em&#8221; animation_style=&#8221;fold&#8221; animation_direction=&#8221;bottom&#8221; animation_intensity_fold=&#8221;20%&#8221; animation_starting_opacity=&#8221;100%&#8221; global_colors_info=&#8221;{}&#8221;]<\/p>\n<h4>Gleitzeitkonto und j\u00e4hrliche Gutschrift von acht Sozialstunden<\/h4>\n<p>[\/et_pb_blurb][\/et_pb_column][et_pb_column type=&#8221;1_3&#8243; _builder_version=&#8221;4.16&#8243; custom_padding=&#8221;|||&#8221; global_colors_info=&#8221;{}&#8221; custom_padding__hover=&#8221;|||&#8221;][et_pb_blurb image=&#8221;https:\/\/it-karriere.kbv.de\/wp-content\/uploads\/2019\/10\/ico_spar-1.png&#8221; icon_placement=&#8221;left&#8221; font_icon_tablet=&#8221;&#8221; font_icon_phone=&#8221;&#8221; font_icon_last_edited=&#8221;on|desktop&#8221; _builder_version=&#8221;4.16&#8243; header_font=&#8221;Montserrat|600|||||||&#8221; header_font_size=&#8221;20px&#8221; body_font=&#8221;||||||||&#8221; body_font_size=&#8221;16px&#8221; body_line_height=&#8221;1.8em&#8221; animation_style=&#8221;fold&#8221; animation_direction=&#8221;bottom&#8221; animation_intensity_fold=&#8221;20%&#8221; animation_starting_opacity=&#8221;100%&#8221; global_colors_info=&#8221;{}&#8221;]<\/p>\n<h4>Zuschuss zu den verm\u00f6genswirksamen Leistungen<\/h4>\n<p>[\/et_pb_blurb][\/et_pb_column][et_pb_column type=&#8221;1_3&#8243; _builder_version=&#8221;4.16&#8243; global_colors_info=&#8221;{}&#8221;][et_pb_blurb image=&#8221;https:\/\/it-karriere.kbv.de\/wp-content\/uploads\/2019\/10\/ico_alt-1.png&#8221; icon_placement=&#8221;left&#8221; font_icon_tablet=&#8221;&#8221; font_icon_phone=&#8221;&#8221; font_icon_last_edited=&#8221;on|desktop&#8221; _builder_version=&#8221;4.16&#8243; header_font=&#8221;Montserrat|600|||||||&#8221; header_font_size=&#8221;20px&#8221; body_font=&#8221;||||||||&#8221; body_font_size=&#8221;16px&#8221; body_line_height=&#8221;1.8em&#8221; animation_style=&#8221;fold&#8221; animation_direction=&#8221;bottom&#8221; animation_intensity_fold=&#8221;20%&#8221; animation_starting_opacity=&#8221;100%&#8221; global_colors_info=&#8221;{}&#8221;]<\/p>\n<h4>Betriebliche Altersvorsorge<\/h4>\n<p>[\/et_pb_blurb][\/et_pb_column][\/et_pb_row][\/et_pb_section][et_pb_section fb_built=&#8221;1&#8243; admin_label=&#8221;About Section&#8221; _builder_version=&#8221;4.16&#8243; background_color=&#8221;#ffffff&#8221; min_height=&#8221;886px&#8221; custom_margin=&#8221;||-216px|||&#8221; custom_padding=&#8221;26px||90px|||&#8221; global_colors_info=&#8221;{}&#8221;][et_pb_row _builder_version=&#8221;4.16&#8243; global_colors_info=&#8221;{}&#8221;][et_pb_column type=&#8221;4_4&#8243; _builder_version=&#8221;4.16&#8243; global_colors_info=&#8221;{}&#8221;][et_pb_image src=&#8221;https:\/\/it-karriere.kbv.de\/wp-content\/uploads\/2019\/10\/Wir.jpg&#8221; force_fullwidth=&#8221;on&#8221; _builder_version=&#8221;4.16&#8243; global_colors_info=&#8221;{}&#8221;][\/et_pb_image][\/et_pb_column][\/et_pb_row][et_pb_row admin_label=&#8221;Section Title&#8221; _builder_version=&#8221;4.16&#8243; custom_margin=&#8221;|auto|-15px|auto||&#8221; custom_padding=&#8221;||0px|&#8221; global_colors_info=&#8221;{}&#8221;][et_pb_column type=&#8221;4_4&#8243; _builder_version=&#8221;4.16&#8243; custom_padding=&#8221;|||&#8221; global_colors_info=&#8221;{}&#8221; custom_padding__hover=&#8221;|||&#8221;][et_pb_text admin_label=&#8221;Title&#8221; _builder_version=&#8221;4.19.0&#8243; text_font=&#8221;||||||||&#8221; header_font=&#8221;||||||||&#8221; header_2_font=&#8221;Montserrat|600||on|||||&#8221; header_2_text_align=&#8221;center&#8221; header_2_font_size=&#8221;30px&#8221; custom_margin=&#8221;||5px|&#8221; animation_style=&#8221;slide&#8221; animation_direction=&#8221;top&#8221; animation_intensity_slide=&#8221;20%&#8221; animation_starting_opacity=&#8221;100%&#8221; global_colors_info=&#8221;{}&#8221;]<\/p>\n<h1 style=\"text-align: center;\" id=\"h32sk1j5ut1p1ttzd3nhgwayy19rj1f2\"><a href=\"#h32sk1j5ut1p1ttzd3nhgwayy19rj1f2\" title=\"Einstiegswege\"><span style=\"color: #c30059;\"><strong>REVOLUTIONIEREN SIE MIT UNS DAS GESUNDHEITSWESEN!<\/strong><\/span><\/a><\/h1>\n<h3><span class=\"small\"><span color=\"c30059\"><i><b><\/b><\/i><\/span><\/span><\/h3>\n<h3 id=\"h35sk1hzj7ga1693et6k60hfbhpr17i\"><span class=\"small\"><span color=\"c30059\"><i><b>Gestalten Sie mit uns die ambulante Gesundheitsversorgung und bereichern Sie unser Team mit Ihrem Talent, Ihrer Expertise und Ihrem Engagement! Wir geben Ihnen den Rahmen, sich dabei zu verwirklichen und zu entwickeln.<br \/><\/b><\/i><\/span><\/span><\/h3>\n<p>[\/et_pb_text][et_pb_divider show_divider=&#8221;off&#8221; _builder_version=&#8221;4.16&#8243; max_width=&#8221;23px&#8221; module_alignment=&#8221;center&#8221; animation_style=&#8221;slide&#8221; animation_direction=&#8221;top&#8221; animation_intensity_slide=&#8221;20%&#8221; animation_starting_opacity=&#8221;100%&#8221; global_colors_info=&#8221;{}&#8221;][\/et_pb_divider][\/et_pb_column][\/et_pb_row][et_pb_row column_structure=&#8221;1_2,1_2&#8243; admin_label=&#8221;Service Area&#8221; _builder_version=&#8221;4.16&#8243; _dynamic_attributes=&#8221;link_option_url&#8221; link_option_url=&#8221;@ET-DC@eyJkeW5hbWljIjp0cnVlLCJjb250ZW50IjoiaG9tZV91cmwiLCJzZXR0aW5ncyI6e319@&#8221; link_option_url_new_window=&#8221;on&#8221; global_colors_info=&#8221;{}&#8221;][et_pb_column type=&#8221;1_2&#8243; _builder_version=&#8221;4.16&#8243; custom_padding=&#8221;|||&#8221; global_colors_info=&#8221;{}&#8221; custom_padding__hover=&#8221;|||&#8221;][et_pb_blurb url_new_window=&#8221;on&#8221; image=&#8221;https:\/\/it-karriere.kbv.de\/wp-content\/uploads\/2019\/10\/ico_einsteiger-1.png&#8221; icon_placement=&#8221;left&#8221; font_icon_tablet=&#8221;&#8221; font_icon_phone=&#8221;&#8221; font_icon_last_edited=&#8221;on|desktop&#8221; _builder_version=&#8221;4.16&#8243; header_font=&#8221;Montserrat|600|||||||&#8221; header_font_size=&#8221;20px&#8221; body_font=&#8221;||||||||&#8221; body_font_size=&#8221;16px&#8221; body_line_height=&#8221;1.8em&#8221; animation_style=&#8221;fold&#8221; animation_direction=&#8221;bottom&#8221; animation_intensity_fold=&#8221;20%&#8221; animation_starting_opacity=&#8221;100%&#8221; link_option_url_new_window=&#8221;on&#8221; global_colors_info=&#8221;{}&#8221;]<\/p>\n<h4>Freie Stellen und Initiativbewerbung<\/h4>\n<p style=\"text-align: left;\">F\u00fcr den Direkteinstieg nach dem abgeschlossenen Studium finden Sie unsere Angebote unter\u00a0<strong><a href=\"http:\/\/www.kbv.de\/html\/445.php\" target=\"_blank\" rel=\"noopener noreferrer\">aktuelle Stellenausschreibungen<\/a><\/strong> oder Sie k\u00f6nnen hier Ihre <a href=\"https:\/\/kbv.hr4you.org\/application\/applicantRegisterCvAnalyzerGenerator\/upload\/2?page_lang=de\"><strong>Initiativbewerbung<\/strong> <\/a>an uns senden.<\/p>\n<p>&nbsp;<\/p>\n<p>[\/et_pb_blurb][\/et_pb_column][et_pb_column type=&#8221;1_2&#8243; _builder_version=&#8221;4.16&#8243; custom_padding=&#8221;|||&#8221; global_colors_info=&#8221;{}&#8221; custom_padding__hover=&#8221;|||&#8221;][et_pb_blurb image=&#8221;https:\/\/it-karriere.kbv.de\/wp-content\/uploads\/2019\/10\/ico_praktika-1.png&#8221; icon_placement=&#8221;left&#8221; font_icon_tablet=&#8221;&#8221; font_icon_phone=&#8221;&#8221; font_icon_last_edited=&#8221;on|desktop&#8221; _builder_version=&#8221;4.16&#8243; header_font=&#8221;Montserrat|600|||||||&#8221; header_font_size=&#8221;20px&#8221; body_font=&#8221;||||||||&#8221; body_font_size=&#8221;16px&#8221; body_line_height=&#8221;1.8em&#8221; animation_style=&#8221;fold&#8221; animation_direction=&#8221;bottom&#8221; animation_intensity_fold=&#8221;20%&#8221; animation_starting_opacity=&#8221;100%&#8221; global_colors_info=&#8221;{}&#8221;]<\/p>\n<h4>Praktikum oder Praxissemester<\/h4>\n<p>Ein Praktikum dauert bei uns mindestens drei Monate und wird selbstverst\u00e4ndlich angemessen verg\u00fctet. Wenn Sie bereits drei Semester lang studiert haben, k\u00f6nnen Sie auch ein Praxissemester bei uns absolvieren. Idealerweise \u2013 und so ist auch unsere Erfahrung \u2013 ergibt sich aus einem Praktikum die M\u00f6glichkeit, als studentische Hilfskraft weiterzumachen oder die Abschlussarbeit bei uns zu schreiben.<\/p>\n<p>&nbsp;<\/p>\n<p>[\/et_pb_blurb][\/et_pb_column][\/et_pb_row][et_pb_row column_structure=&#8221;1_2,1_2&#8243; admin_label=&#8221;Service Area&#8221; _builder_version=&#8221;4.16&#8243; custom_margin=&#8221;-38px|auto||auto||&#8221; global_colors_info=&#8221;{}&#8221;][et_pb_column type=&#8221;1_2&#8243; _builder_version=&#8221;4.16&#8243; custom_padding=&#8221;|||&#8221; global_colors_info=&#8221;{}&#8221; custom_padding__hover=&#8221;|||&#8221;][et_pb_blurb image=&#8221;https:\/\/it-karriere.kbv.de\/wp-content\/uploads\/2019\/10\/ico_beruf-1.png&#8221; icon_placement=&#8221;left&#8221; font_icon_tablet=&#8221;&#8221; font_icon_phone=&#8221;&#8221; font_icon_last_edited=&#8221;on|desktop&#8221; _builder_version=&#8221;4.16&#8243; header_font=&#8221;Montserrat|600|||||||&#8221; header_font_size=&#8221;20px&#8221; body_font=&#8221;||||||||&#8221; body_font_size=&#8221;16px&#8221; body_line_height=&#8221;1.8em&#8221; animation_style=&#8221;fold&#8221; animation_direction=&#8221;bottom&#8221; animation_intensity_fold=&#8221;20%&#8221; animation_starting_opacity=&#8221;100%&#8221; global_colors_info=&#8221;{}&#8221;]<\/p>\n<h4>Studentische Hilfskraft oder Werkstudierende<\/h4>\n<p>W\u00e4hrend des Studiums k\u00f6nnen Sie unsere Arbeit aus erster Hand kennenlernen. Wir binden Sie als festes Teammitglied in l\u00e4ngerfristige Projekte ein und erm\u00f6glichen Ihnen somit, wertvolle Kontakte quasi nebenbei zu kn\u00fcpfen.<\/p>\n<p>[\/et_pb_blurb][\/et_pb_column][et_pb_column type=&#8221;1_2&#8243; _builder_version=&#8221;4.16&#8243; custom_padding=&#8221;|||&#8221; global_colors_info=&#8221;{}&#8221; custom_padding__hover=&#8221;|||&#8221;][et_pb_blurb image=&#8221;https:\/\/it-karriere.kbv.de\/wp-content\/uploads\/2019\/10\/ico_student-1.png&#8221; icon_placement=&#8221;left&#8221; font_icon_tablet=&#8221;&#8221; font_icon_phone=&#8221;&#8221; font_icon_last_edited=&#8221;on|desktop&#8221; _builder_version=&#8221;4.16&#8243; header_font=&#8221;Montserrat|600|||||||&#8221; header_font_size=&#8221;20px&#8221; body_font=&#8221;||||||||&#8221; body_font_size=&#8221;16px&#8221; body_line_height=&#8221;1.8em&#8221; animation_style=&#8221;fold&#8221; animation_direction=&#8221;bottom&#8221; animation_intensity_fold=&#8221;20%&#8221; animation_starting_opacity=&#8221;100%&#8221; global_colors_info=&#8221;{}&#8221;]<\/p>\n<h4>Abschlussarbeit<\/h4>\n<p>Gerne unterst\u00fctzen wir Sie bei Ihrer Abschlussarbeit: entweder in Form einer Betreuung oder eines Experteninterviews.<\/p>\n<p>&nbsp;<\/p>\n<p>[\/et_pb_blurb][\/et_pb_column][\/et_pb_row][et_pb_row admin_label=&#8221;Section Title&#8221; _builder_version=&#8221;4.16&#8243; custom_margin=&#8221;|auto|-15px|auto||&#8221; custom_padding=&#8221;||0px|&#8221; global_colors_info=&#8221;{}&#8221;][et_pb_column type=&#8221;4_4&#8243; _builder_version=&#8221;4.16&#8243; custom_padding=&#8221;|||&#8221; global_colors_info=&#8221;{}&#8221; custom_padding__hover=&#8221;|||&#8221;][et_pb_text admin_label=&#8221;Title&#8221; _builder_version=&#8221;4.19.0&#8243; text_font=&#8221;||||||||&#8221; header_font=&#8221;||||||||&#8221; header_2_font=&#8221;Montserrat|600||on|||||&#8221; header_2_text_align=&#8221;center&#8221; header_2_font_size=&#8221;30px&#8221; custom_margin=&#8221;||5px|&#8221; animation_style=&#8221;slide&#8221; animation_direction=&#8221;top&#8221; animation_intensity_slide=&#8221;20%&#8221; animation_starting_opacity=&#8221;100%&#8221; global_colors_info=&#8221;{}&#8221;]<\/p>\n<h1 style=\"text-align: center;\" id=\"h32sk1j5ut1p1ttzd3nhgwayy19rj1f2\"><a href=\"#h32sk1j5ut1p1ttzd3nhgwayy19rj1f2\" title=\"Einstiegswege\"><span style=\"color: #c30059;\"><strong>Duales Studium<\/strong><\/span><\/a><span class=\"small\"><span color=\"c30059\"><i><b><\/b><\/i><\/span><\/span><\/h1>\n<h3 id=\"h35sk1hzj7ga1693et6k60hfbhpr17i\" style=\"text-align: center;\"><span class=\"small\"><span color=\"c30059\"><i><b>Starten Sie Ihre Karriere bei der KBV!<\/b><\/i><\/span><\/span><span class=\"small\"><span color=\"c30059\"><i><b><\/b><\/i><\/span><\/span><\/h3>\n<p><span class=\"small\"><span color=\"c30059\"><i><b><\/b><\/i><\/span><\/span><\/p>\n<p>Mit einem dualen Studienformat bei der Kassen\u00e4rztlichen Bundesvereinigung verbinden Sie das wissenschaftliche Studium mit beruflicher Praxis, dabei lernen Sie die neusten Technologien und echten Teamgeist kennen. Sie sind w\u00e4hrend des Studiums Auszubildende und erhalten eine monatliche Verg\u00fctung, die sich an einer branchen\u00fcblichen Ausbildungsverg\u00fctung orientiert. Nach dem erfolgreichen Abschluss Ihres Studiums werden wir Ihnen mit hoher Wahrscheinlichkeit einen festen Arbeitsplatz anbieten.<\/p>\n<p>Das duale Studium startet bei der KBV in der Regel am 1. Oktober<\/p>\n<h4><span class=\"small\"><span color=\"c30059\"><i><b><\/b><\/i><\/span><\/span><\/h4>\n<p>[\/et_pb_text][et_pb_divider show_divider=&#8221;off&#8221; _builder_version=&#8221;4.16&#8243; max_width=&#8221;23px&#8221; module_alignment=&#8221;center&#8221; animation_style=&#8221;slide&#8221; animation_direction=&#8221;top&#8221; animation_intensity_slide=&#8221;20%&#8221; animation_starting_opacity=&#8221;100%&#8221; global_colors_info=&#8221;{}&#8221;][\/et_pb_divider][\/et_pb_column][\/et_pb_row][et_pb_row column_structure=&#8221;1_2,1_2&#8243; admin_label=&#8221;Service Area&#8221; _builder_version=&#8221;4.19.0&#8243; global_colors_info=&#8221;{}&#8221;][et_pb_column type=&#8221;1_2&#8243; _builder_version=&#8221;4.16&#8243; custom_padding=&#8221;|||&#8221; global_colors_info=&#8221;{}&#8221; custom_padding__hover=&#8221;|||&#8221;][et_pb_blurb use_icon=&#8221;on&#8221; icon_placement=&#8221;left&#8221; font_icon_tablet=&#8221;&#8221; font_icon_phone=&#8221;&#8221; font_icon_last_edited=&#8221;on|desktop&#8221; _builder_version=&#8221;4.19.0&#8243; header_font=&#8221;Montserrat|600|||||||&#8221; header_font_size=&#8221;20px&#8221; body_font=&#8221;||||||||&#8221; body_font_size=&#8221;16px&#8221; body_line_height=&#8221;1.8em&#8221; animation_style=&#8221;fold&#8221; animation_direction=&#8221;bottom&#8221; animation_intensity_fold=&#8221;20%&#8221; animation_starting_opacity=&#8221;100%&#8221; global_colors_info=&#8221;{}&#8221;]<\/p>\n<h4>Wie l\u00e4uft Ihr duales Studium bei der KBV ab?<\/h4>\n<p>Das duale Studium dauert insgesamt drei Jahre. Die praktischen Inhalte des Studiums werden Ihnen in den unterschiedlichsten Bereichen des Dezernats \u201eDigitalisierung und IT\u201c in Berlin vermittelt. Der theoretische Teil wird an unseren\u00a0Partnerhochschulen der Hochschule f\u00fcr Wirtschaft und Recht Berlin, der technischen Hochschule Brandenburg oder der dualen Hochschule Baden-W\u00fcrttemberg gelehrt.\u00a0Das an der Hochschule erworbene Wissen wird w\u00e4hrend der Praxisphasen und in den Semesterferien bei der KBV gezielt angewendet.<\/p>\n<p>Bei erfolgreichem Studienabschluss wird der akademische Grad \u201eBachelor of Science\u201c verliehen.<\/p>\n<p>[\/et_pb_blurb][\/et_pb_column][et_pb_column type=&#8221;1_2&#8243; _builder_version=&#8221;4.16&#8243; custom_padding=&#8221;|||&#8221; global_colors_info=&#8221;{}&#8221; custom_padding__hover=&#8221;|||&#8221;][et_pb_blurb use_icon=&#8221;on&#8221; icon_placement=&#8221;left&#8221; _builder_version=&#8221;4.19.0&#8243; header_font=&#8221;Montserrat|600|||||||&#8221; header_font_size=&#8221;20px&#8221; body_font=&#8221;||||||||&#8221; body_font_size=&#8221;16px&#8221; body_line_height=&#8221;1.8em&#8221; animation_style=&#8221;fold&#8221; animation_direction=&#8221;bottom&#8221; animation_intensity_fold=&#8221;20%&#8221; animation_starting_opacity=&#8221;100%&#8221; global_colors_info=&#8221;{}&#8221;]<\/p>\n<h4>Was Sie erwartet:<\/h4>\n<p>Das Dezernat \u201eDigitalisierung und IT\u201c besch\u00e4ftigt sich dabei mit einer Vielzahl von spannenden Fragestellungen und Zukunftsthemen. Unsere Spezialisten widmen sich beispielsweise der Frage, wie die elektronische Patientenakte eingesetzt\/weiter umgesetzt werden kann.<\/p>\n<p>In der Entwicklung arbeiten Product Owner, Systemanalytiker, Programmierer und Softwaretester an anspruchsvollen Projekten. Spezialisten entwickeln und implementieren innovative Technologien oder sorgen f\u00fcr den Betrieb unserer Infrastruktur und von Anwendungen.<\/p>\n<p>Auch die IT- und Informationssicherheit ist bei der KBV ein Kernthema. Dabei geht es vor allem um Schutz von Informationen und IT-Systemen. Wir definieren hierf\u00fcr Regeln und Methoden zum Sicherstellen der Informationssicherheit und verbessern diese kontinuierlich.<\/p>\n<p>[\/et_pb_blurb][\/et_pb_column][\/et_pb_row][et_pb_row _builder_version=&#8221;4.16&#8243; global_colors_info=&#8221;{}&#8221;][et_pb_column type=&#8221;4_4&#8243; _builder_version=&#8221;4.16&#8243; global_colors_info=&#8221;{}&#8221;][et_pb_text _builder_version=&#8221;4.19.0&#8243; custom_padding=&#8221;0px|||||&#8221; global_colors_info=&#8221;{}&#8221;]<\/p>\n<h1 style=\"text-align: center;\" id=\"h46sk1jcjm0ysv4kdhsrd9wr16ow6jw\"><a href=\"#h46sk1jcjm0ysv4kdhsrd9wr16ow6jw\" title=\"FAQs\"><span style=\"color: #c30059;\"><strong>Informationen f\u00fcr Bewerber<\/strong><\/span><\/a><\/h1>\n<h3 style=\"text-align: left;\"><strong><span>Sie interessieren sich f\u00fcr eines unserer Stellenangebote und m\u00f6chten sich im IT-Bereich der KBV bewerben? Dann starten Sie jetzt durch &#8211; wir freuen uns auf Ihre Bewerbung<\/span><\/strong><\/h3>\n<p>&nbsp;<\/p>\n<p>[\/et_pb_text][\/et_pb_column][\/et_pb_row][et_pb_row column_structure=&#8221;1_2,1_2&#8243; admin_label=&#8221;Service Area&#8221; _builder_version=&#8221;4.16&#8243; custom_margin=&#8221;-38px|auto||auto||&#8221; global_colors_info=&#8221;{}&#8221;][et_pb_column type=&#8221;1_2&#8243; _builder_version=&#8221;4.16&#8243; custom_padding=&#8221;|||&#8221; global_colors_info=&#8221;{}&#8221; custom_padding__hover=&#8221;|||&#8221;][et_pb_blurb icon_placement=&#8221;left&#8221; font_icon_tablet=&#8221;&#8221; font_icon_phone=&#8221;&#8221; font_icon_last_edited=&#8221;on|desktop&#8221; _builder_version=&#8221;4.16&#8243; header_font=&#8221;Montserrat|600|||||||&#8221; header_font_size=&#8221;20px&#8221; body_font=&#8221;||||||||&#8221; body_font_size=&#8221;16px&#8221; body_line_height=&#8221;1.8em&#8221; animation_style=&#8221;fold&#8221; animation_direction=&#8221;bottom&#8221; animation_intensity_fold=&#8221;20%&#8221; animation_starting_opacity=&#8221;100%&#8221; global_colors_info=&#8221;{}&#8221;]<\/p>\n<h4>Was sollte alles in Ihre Bewerbungsmappe?<\/h4>\n<ul>\n<li>pers\u00f6nliches Anschreiben, aus dem hervorgeht, warum Sie sich bei uns bewerben<\/li>\n<li>vollst\u00e4ndiger Lebenslauf<\/li>\n<li>alle relevanten Zeugnisse<\/li>\n<li>Arbeitsproben, wenn vorhanden<\/li>\n<\/ul>\n<p>Wir m\u00f6chten Sie bitten, auf Vollst\u00e4ndigkeit Ihrer Bewerbung zu achten. Denn nur, wenn alle n\u00f6tigen Dokumente bei uns eingegangen sind, k\u00f6nnen wir Ihre Bewerbung ber\u00fccksichtigen.<\/p>\n<p>[\/et_pb_blurb][\/et_pb_column][et_pb_column type=&#8221;1_2&#8243; _builder_version=&#8221;4.16&#8243; custom_padding=&#8221;|||&#8221; global_colors_info=&#8221;{}&#8221; custom_padding__hover=&#8221;|||&#8221;][et_pb_blurb icon_placement=&#8221;left&#8221; font_icon_tablet=&#8221;&#8221; font_icon_phone=&#8221;&#8221; font_icon_last_edited=&#8221;on|desktop&#8221; _builder_version=&#8221;4.16&#8243; header_font=&#8221;Montserrat|600|||||||&#8221; header_font_size=&#8221;20px&#8221; body_font=&#8221;||||||||&#8221; body_font_size=&#8221;16px&#8221; body_line_height=&#8221;1.8em&#8221; animation_style=&#8221;fold&#8221; animation_direction=&#8221;bottom&#8221; animation_intensity_fold=&#8221;20%&#8221; animation_starting_opacity=&#8221;100%&#8221; global_colors_info=&#8221;{}&#8221;]<\/p>\n<h4>Unser Bewerbungsverfahren in f\u00fcnf Schritten:<\/h4>\n<ol>\n<li>Sie erhalten nach Zusendung Ihrer Bewerbungsunterlagen eine Eingangsbest\u00e4tigung.<\/li>\n<li>Ihre Bewerbung wird in der Fachabteilung gepr\u00fcft.<\/li>\n<li>\u00a0Passt Ihr Profil zu der ausgeschriebenen Stelle, laden wir Sie zu einem Vorstellungsgespr\u00e4ch mit unserer Fachabteilung ein.<\/li>\n<li>Wir haben uns gegenseitig f\u00fcreinander entschieden, werden unsere Gremien informiert und werden \u00fcber die Auswahl entscheiden.<\/li>\n<li>Die Entscheidung war positiv! Dann freuen wir uns auf Ihren ersten Arbeitstag bei uns im Dezernat der KBV.<\/li>\n<\/ol>\n<p>[\/et_pb_blurb][\/et_pb_column][\/et_pb_row][et_pb_row _builder_version=&#8221;4.16&#8243; global_colors_info=&#8221;{}&#8221;][et_pb_column type=&#8221;4_4&#8243; _builder_version=&#8221;4.16&#8243; global_colors_info=&#8221;{}&#8221;][et_pb_text _builder_version=&#8221;4.16&#8243; global_colors_info=&#8221;{}&#8221;][\/et_pb_text][\/et_pb_column][\/et_pb_row][\/et_pb_section][et_pb_section fb_built=&#8221;1&#8243; _builder_version=&#8221;4.16&#8243; custom_padding=&#8221;0px|0px|0px|0px&#8221; global_colors_info=&#8221;{}&#8221;][et_pb_row _builder_version=&#8221;4.16&#8243; custom_padding=&#8221;87px|||||&#8221; global_colors_info=&#8221;{}&#8221;][et_pb_column type=&#8221;4_4&#8243; _builder_version=&#8221;4.16&#8243; global_colors_info=&#8221;{}&#8221;][et_pb_image src=&#8221;https:\/\/it-karriere.kbv.de\/wp-content\/uploads\/2019\/10\/KBV.jpg&#8221; force_fullwidth=&#8221;on&#8221; _builder_version=&#8221;4.16&#8243; custom_padding=&#8221;0px|||||&#8221; global_colors_info=&#8221;{}&#8221;][\/et_pb_image][\/et_pb_column][\/et_pb_row][et_pb_row _builder_version=&#8221;4.16&#8243; global_colors_info=&#8221;{}&#8221;][et_pb_column type=&#8221;4_4&#8243; _builder_version=&#8221;4.16&#8243; global_colors_info=&#8221;{}&#8221;][et_pb_text _builder_version=&#8221;4.16&#8243; animation_style=&#8221;slide&#8221; global_colors_info=&#8221;{}&#8221;]<\/p>\n<h1 id=\"h4sk1hzy4jahfczehulsepr1yclc9l\" style=\"text-align: center;\"><span style=\"color: #c30059;\"><strong><a href=\"#h4sk1hzy4jahfczehulsepr1yclc9l\" title=\"Ansprechpartner\" style=\"color: #c30059;\">ANSPRECHPARTNER<\/a><\/strong><\/span><\/h1>\n<p>[\/et_pb_text][\/et_pb_column][\/et_pb_row][et_pb_row column_structure=&#8221;1_2,1_2&#8243; _builder_version=&#8221;4.16&#8243; width=&#8221;100%&#8221; module_alignment=&#8221;center&#8221; animation_style=&#8221;slide&#8221; animation_direction=&#8221;top&#8221; global_colors_info=&#8221;{}&#8221;][et_pb_column type=&#8221;1_2&#8243; _builder_version=&#8221;4.16&#8243; global_colors_info=&#8221;{}&#8221;][et_pb_text _builder_version=&#8221;4.16&#8243; text_font_size=&#8221;19px&#8221; global_colors_info=&#8221;{}&#8221;]<\/p>\n<p style=\"text-align: center;\"><strong><span color:=\"\" 385c6b=\"\">Heinz-Theo Rey<\/span><\/strong><br \/> <strong> Dezernent Digitalisierung und IT<\/strong><br \/> <strong> Kassen\u00e4rztliche Bundesvereinigung<\/strong><br \/> <strong> Herbert-Lewin-Platz 2<\/strong><br \/> <strong> 10623 Berlin<\/strong><br \/> <strong> Telefon: 030 4005-2002<\/strong><\/p>\n<p>[\/et_pb_text][\/et_pb_column][et_pb_column type=&#8221;1_2&#8243; _builder_version=&#8221;4.16&#8243; global_colors_info=&#8221;{}&#8221;][et_pb_text _builder_version=&#8221;4.19.0&#8243; text_font_size=&#8221;19px&#8221; global_colors_info=&#8221;{}&#8221;]<\/p>\n<p style=\"text-align: center;\"><strong>Bernd Greve<\/strong><br \/><strong> Dezernent Digitalisierung und IT<\/strong><br \/><strong> Kassen\u00e4rztliche Bundesvereinigung<\/strong><br \/><strong> Herbert-Lewin-Platz 2<\/strong><br \/><strong> 10623 Berlin<\/strong><br \/><strong> Telefon: 030 4005-2004<\/strong><\/p>\n<p>[\/et_pb_text][\/et_pb_column][\/et_pb_row][et_pb_row column_structure=&#8221;1_2,1_2&#8243; _builder_version=&#8221;4.16&#8243; width=&#8221;100%&#8221; animation_style=&#8221;slide&#8221; animation_direction=&#8221;bottom&#8221; global_colors_info=&#8221;{}&#8221;][et_pb_column type=&#8221;1_2&#8243; _builder_version=&#8221;4.16&#8243; global_colors_info=&#8221;{}&#8221;][et_pb_text _builder_version=&#8221;4.16&#8243; text_font_size=&#8221;19px&#8221; global_colors_info=&#8221;{}&#8221;]<\/p>\n<p style=\"text-align: center;\"><strong>Ren\u00e9 Waschau<\/strong><br \/> <strong> Abteilungsleiter Entwicklung<\/strong><br \/> <strong> Kassen\u00e4rztliche Bundesvereinigung<\/strong><br \/> <strong> Herbert-Lewin-Platz 2<\/strong><br \/> <strong> 10623 Berlin<\/strong><br \/> <strong> Telefon: 030 4005-2002<\/strong><\/p>\n<p>[\/et_pb_text][\/et_pb_column][et_pb_column type=&#8221;1_2&#8243; _builder_version=&#8221;4.16&#8243; global_colors_info=&#8221;{}&#8221;][et_pb_text _builder_version=&#8221;4.16&#8243; text_font_size=&#8221;19px&#8221; global_colors_info=&#8221;{}&#8221;]<\/p>\n<p style=\"text-align: center;\"><strong>Gernot Goldbeck<\/strong><br \/> <strong> Abteilungsleiter IT in der Arztpraxis<\/strong><br \/> <strong> Kassen\u00e4rztliche Bundesvereinigung<\/strong><br \/> <strong> Herbert-Lewin-Platz 2<\/strong><br \/> <strong> 10623 Berlin<\/strong><br \/> <strong> Telefon: 030 4005-2004<\/strong><\/p>\n<p>[\/et_pb_text][\/et_pb_column][\/et_pb_row][\/et_pb_section]<\/p>\n","protected":false},"excerpt":{"rendered":"<p>WIR BIETEN DIE INNOVATIVSTEN IT-JOBS IM GESUNDHEITSWESEN Wir machen Gesundheit digital!\u00a0Hinter uns stehen rund 165.000 ambulant in Praxen t\u00e4tige \u00c4rzte und Psychotherapeuten: Wir setzen uns in der Bundespolitik und auf EU-Ebene f\u00fcr ihre Interessen ein und gestalten die Digitalisierung der Gesundheitsversorgung\u00a0 wesentlich mit. Neben Politik und Digitalisierung geht es au\u00dferdem in Verhandlungen mit den gesetzlichen [&hellip;]<\/p>\n","protected":false},"author":2,"featured_media":0,"parent":0,"menu_order":0,"comment_status":"closed","ping_status":"closed","template":"","meta":{"_et_pb_use_builder":"on","_et_pb_old_content":"","_et_gb_content_width":"","footnotes":""},"class_list":["post-225","page","type-page","status-publish","hentry"],"_links":{"self":[{"href":"https:\/\/it-karriere.kbv.de\/index.php\/wp-json\/wp\/v2\/pages\/225","targetHints":{"allow":["GET"]}}],"collection":[{"href":"https:\/\/it-karriere.kbv.de\/index.php\/wp-json\/wp\/v2\/pages"}],"about":[{"href":"https:\/\/it-karriere.kbv.de\/index.php\/wp-json\/wp\/v2\/types\/page"}],"author":[{"embeddable":true,"href":"https:\/\/it-karriere.kbv.de\/index.php\/wp-json\/wp\/v2\/users\/2"}],"replies":[{"embeddable":true,"href":"https:\/\/it-karriere.kbv.de\/index.php\/wp-json\/wp\/v2\/comments?post=225"}],"version-history":[{"count":215,"href":"https:\/\/it-karriere.kbv.de\/index.php\/wp-json\/wp\/v2\/pages\/225\/revisions"}],"predecessor-version":[{"id":1142,"href":"https:\/\/it-karriere.kbv.de\/index.php\/wp-json\/wp\/v2\/pages\/225\/revisions\/1142"}],"wp:attachment":[{"href":"https:\/\/it-karriere.kbv.de\/index.php\/wp-json\/wp\/v2\/media?parent=225"}],"curies":[{"name":"wp","href":"https:\/\/api.w.org\/{rel}","templated":true}]}}